{"id":629,"date":"2026-02-02T16:16:33","date_gmt":"2026-02-02T15:16:33","guid":{"rendered":"https:\/\/www.hoteldeva.it\/camere\/"},"modified":"2026-02-12T16:37:25","modified_gmt":"2026-02-12T15:37:25","slug":"zimmer","status":"publish","type":"page","link":"https:\/\/www.hoteldeva.it\/de\/zimmer\/","title":{"rendered":"Zimmer"},"content":{"rendered":"<section class=\"l-section wpb_row height_medium with_img\"><div class=\"l-section-img\" role=\"img\" aria-label=\"Hotel Riva del Garda 3 stelle\" data-img-width=\"1920\" data-img-height=\"1279\" style=\"background-image: url(https:\/\/www.hoteldeva.it\/wp-content\/uploads\/2025\/12\/OND03701.jpg);background-repeat: no-repeat;\"><\/div><div class=\"l-section-overlay\" style=\"background:rgba(0,0,0,0.33)\"><\/div><div class=\"l-section-h i-cf\"><div class=\"g-cols vc_row via_flex valign_middle type_default stacking_default\"><div class=\"vc_col-sm-12 wpb_column vc_column_container\"><div class=\"vc_column-inner us_custom_a96ac8d2\"><div class=\"wpb_wrapper\"><div class=\"w-text us_custom_238e33df has_text_color\"><span class=\"w-text-h\"><span class=\"w-text-value\">Komfort, Raum und Ruhe<\/span><\/span><\/div><\/div><\/div><\/div><\/div><\/div><\/section><section class=\"l-section wpb_row us_custom_d77bca1a us_animate_this height_medium\"><div class=\"l-section-h i-cf\"><div class=\"g-cols vc_row via_flex valign_top type_default stacking_default\"><div class=\"vc_col-sm-12 wpb_column vc_column_container\"><div class=\"vc_column-inner\"><div class=\"wpb_wrapper\"><div class=\"w-vwrapper us_custom_c177a905 align_center valign_top\" style=\"--vwrapper-gap:1rem\"><h1 class=\"w-text\"><span class=\"w-text-h\"><span class=\"w-text-value\">Zimmer mit Panoramablick in Riva del Garda<\/span><\/span><\/h1><h2 class=\"w-text\"><span class=\"w-text-h\"><span class=\"w-text-value\">W\u00e4hlen Sie Ihr ideales Zimmer in unserem 3-Sterne-Hotel in Riva del Garda<\/span><\/span><\/h2><div class=\"w-separator size_small\"><\/div><div class=\"wpb_text_column\"><div class=\"wpb_wrapper\"><p>Die meisten Zimmer verf\u00fcgen \u00fcber einen Balkon oder eine Terrasse mit Seeblick, ein zus\u00e4tzlicher Vorteil, der es Ihnen erm\u00f6glicht, den Zauber des Gardasees zu jeder Tageszeit in vollen Z\u00fcgen zu genie\u00dfen.<br \/>\nF\u00fcr diejenigen, die direkten Kontakt mit dem Au\u00dfenbereich w\u00fcnschen, bieten einige Zimmer direkten Zugang zum Garten und zum Swimmingpool, ein Pluspunkt, der vor allem in den w\u00e4rmeren Monaten sehr gesch\u00e4tzt wird.<\/p>\n<\/div><\/div><div class=\"w-separator size_small\"><\/div><h6 class=\"w-text us_custom_eb849559\"><span class=\"w-text-h\"><span class=\"w-text-value\">Auf unserer Website finden Sie immer den besten Preis!<\/span><\/span><\/h6><\/div><\/div><\/div><\/div><\/div><\/div><\/section><section class=\"l-section wpb_row height_small\"><div class=\"l-section-h i-cf\"><div class=\"g-cols vc_row via_flex valign_middle type_default stacking_default\"><div class=\"vc_col-sm-8 wpb_column vc_column_container\"><div class=\"vc_column-inner\"><div class=\"wpb_wrapper\"><div class=\"w-slider us_custom_b570b43b style_none fit_cover nav_none has_border_radius count_4\"><div class=\"w-slider-h\" aria-hidden=\"true\"><div class=\"royalSlider\"><div class=\"rsContent\"><a class=\"rsImg\" data-rsw=\"1280\" data-rsh=\"853\" data-rsBigImg=\"https:\/\/www.hoteldeva.it\/wp-content\/uploads\/2025\/12\/OND03662.jpg\" href=\"https:\/\/www.hoteldeva.it\/wp-content\/uploads\/2025\/12\/OND03662-1280x853.jpg\"><span data-alt=\"Hotel Deva | Hotel 3 stelle Riva del Garda\"><\/span><\/a><\/div><div class=\"rsContent\"><a class=\"rsImg\" data-rsw=\"1280\" data-rsh=\"853\" data-rsBigImg=\"https:\/\/www.hoteldeva.it\/wp-content\/uploads\/2025\/12\/OND03666.jpg\" href=\"https:\/\/www.hoteldeva.it\/wp-content\/uploads\/2025\/12\/OND03666-1280x853.jpg\"><span data-alt=\"Hotel Deva | Hotel 3 stelle Riva del Garda\"><\/span><\/a><\/div><div class=\"rsContent\"><a class=\"rsImg\" data-rsw=\"1280\" data-rsh=\"853\" data-rsBigImg=\"https:\/\/www.hoteldeva.it\/wp-content\/uploads\/2025\/12\/OND03665.jpg\" href=\"https:\/\/www.hoteldeva.it\/wp-content\/uploads\/2025\/12\/OND03665-1280x853.jpg\"><span data-alt=\"Hotel Deva | Hotel 3 stelle Riva del Garda\"><\/span><\/a><\/div><div class=\"rsContent\"><a class=\"rsImg\" data-rsw=\"1280\" data-rsh=\"853\" data-rsBigImg=\"https:\/\/www.hoteldeva.it\/wp-content\/uploads\/2025\/12\/OND03669-HDR.jpg\" href=\"https:\/\/www.hoteldeva.it\/wp-content\/uploads\/2025\/12\/OND03669-HDR-1280x853.jpg\"><span data-alt=\"Hotel Deva | Hotel 3 stelle Riva del Garda\"><\/span><\/a><\/div><\/div><img decoding=\"async\" src=\"https:\/\/www.hoteldeva.it\/wp-content\/uploads\/2025\/12\/OND03662-1280x853.jpg\" width=\"1280\" height=\"853\" alt=\"Hotel Deva | Hotel 3 stelle Riva del Garda\" loading=\"lazy\"><\/div><div class=\"w-slider-json\" onclick='return {&quot;autoScaleSlider&quot;:true,&quot;addActiveClass&quot;:true,&quot;loop&quot;:true,&quot;fadeInLoadedSlide&quot;:false,&quot;slidesSpacing&quot;:0,&quot;imageScalePadding&quot;:0,&quot;numImagesToPreload&quot;:2,&quot;arrowsNav&quot;:true,&quot;arrowsNavAutoHide&quot;:false,&quot;transitionType&quot;:&quot;fade&quot;,&quot;transitionSpeed&quot;:900,&quot;block&quot;:{&quot;moveEffect&quot;:&quot;none&quot;,&quot;speed&quot;:300},&quot;thumbs&quot;:{&quot;fitInViewport&quot;:false,&quot;firstMargin&quot;:false,&quot;spacing&quot;:4},&quot;controlNavigation&quot;:&quot;none&quot;,&quot;fullscreen&quot;:{&quot;enabled&quot;:true},&quot;autoScaleSliderWidth&quot;:1280,&quot;autoScaleSliderHeight&quot;:853}'><\/div><\/div><\/div><\/div><\/div><div class=\"vc_col-sm-4 wpb_column vc_column_container\"><div class=\"vc_column-inner\"><div class=\"wpb_wrapper\"><div class=\"w-vwrapper us_custom_62e46706 align_none valign_top\"><h3 class=\"w-text\"><span class=\"w-text-h\"><span class=\"w-text-value\">Komfort Einzelzimmer<\/span><\/span><\/h3><div class=\"w-text us_custom_8b151e3e\"><span class=\"w-text-h\"><span class=\"w-text-value\">12 m\u00b2 \u2013 Maximal 1 Person<\/span><\/span><\/div><div class=\"wpb_text_column us_custom_08dbec1d\"><div class=\"wpb_wrapper\"><p>Gem\u00fctliches Zimmer mit Satellitenfernsehen, eigenem Bad mit Haartrockner und Pflegeprodukten.<\/p>\n<\/div><\/div><div class=\"w-popup us_custom_606fd600 has_text_color w-btn-wrapper align_none\"><button type=\"button\" aria-label=\"Zimmerausstattung\" class=\"w-popup-trigger type_btn w-btn us-btn-style_6 icon_atleft\"><i class=\"fas fa-info-circle\"><\/i><span class=\"w-btn-label\">Zimmerausstattung<\/span><\/button><div class=\"w-popup-overlay\" style=\"background:rgba(0,0,0,0.85);\"><\/div><div class=\"w-popup-wrap layout_default\" role=\"dialog\" aria-modal=\"true\" aria-label=\"Zimmerausstattung\" style=\"--title-color:var(--color-content-heading);--title-bg-color:var(--color-content-bg-alt);--content-color:var(--color-content-text);--content-bg-color:var(--color-content-bg);--popup-width:600px;--popup-padding:5%;\"><button aria-label=\"Schlie\u00dfen\" class=\"w-popup-closer\" type=\"button\"><\/button><div class=\"w-popup-box animation_fadeIn closerpos_outside without_title\"><div class=\"w-popup-box-h\"><div class=\"w-popup-box-content\"><p>Parkett- oder Holzboden, Bettw\u00e4sche, Satellitenfernsehen.<br \/>\nKostenlose Pflegeprodukte, Dusche, Handt\u00fccher, Haartrockner.<br \/>\nUnterkunft f\u00fcr G\u00e4ste mit H\u00f6rbehinderung zug\u00e4nglich.<\/p>\n<\/div><\/div><\/div><\/div><\/div><div class=\"w-hwrapper valign_top align_none\" style=\"--hwrapper-gap:0.5rem\"><div class=\"w-btn-wrapper align_none\"><a class=\"w-btn us-btn-style_4\" href=\"https:\/\/www.hoteldeva.it\/de\/angebot-anfordern\/\"><span class=\"w-btn-label\">Anfrage<\/span><\/a><\/div><div class=\"w-btn-wrapper align_none\"><a class=\"w-btn us-btn-style_1\" target=\"_blank\" href=\"https:\/\/www.simplebooking.it\/ibe2\/hotel\/11229?lang=DE&amp;cur=EUR\"><span class=\"w-btn-label\">Jetzt buchen<\/span><\/a><\/div><\/div><\/div><\/div><\/div><\/div><\/div><\/div><\/section><section class=\"l-section wpb_row height_small\"><div class=\"l-section-h i-cf\"><div class=\"g-cols vc_row via_flex valign_middle type_default stacking_default\"><div class=\"vc_col-sm-8 wpb_column vc_column_container\"><div class=\"vc_column-inner\"><div class=\"wpb_wrapper\"><div class=\"w-slider us_custom_b570b43b style_none fit_cover nav_none has_border_radius count_5\"><div class=\"w-slider-h\" aria-hidden=\"true\"><div class=\"royalSlider\"><div class=\"rsContent\"><a class=\"rsImg\" data-rsw=\"1280\" data-rsh=\"853\" data-rsBigImg=\"https:\/\/www.hoteldeva.it\/wp-content\/uploads\/2025\/12\/OND03594.jpg\" href=\"https:\/\/www.hoteldeva.it\/wp-content\/uploads\/2025\/12\/OND03594-1280x853.jpg\"><span data-alt=\"Hotel Deva | Hotel 3 stelle Riva del Garda\"><\/span><\/a><\/div><div class=\"rsContent\"><a class=\"rsImg\" data-rsw=\"1280\" data-rsh=\"853\" data-rsBigImg=\"https:\/\/www.hoteldeva.it\/wp-content\/uploads\/2025\/12\/OND03596.jpg\" href=\"https:\/\/www.hoteldeva.it\/wp-content\/uploads\/2025\/12\/OND03596-1280x853.jpg\"><span data-alt=\"Hotel Deva | Hotel 3 stelle Riva del Garda\"><\/span><\/a><\/div><div class=\"rsContent\"><a class=\"rsImg\" data-rsw=\"1280\" data-rsh=\"853\" data-rsBigImg=\"https:\/\/www.hoteldeva.it\/wp-content\/uploads\/2025\/12\/OND03599.jpg\" href=\"https:\/\/www.hoteldeva.it\/wp-content\/uploads\/2025\/12\/OND03599-1280x853.jpg\"><span data-alt=\"Hotel Deva | Hotel 3 stelle Riva del Garda\"><\/span><\/a><\/div><div class=\"rsContent\"><a class=\"rsImg\" data-rsw=\"1280\" data-rsh=\"853\" data-rsBigImg=\"https:\/\/www.hoteldeva.it\/wp-content\/uploads\/2025\/12\/OND03600.jpg\" href=\"https:\/\/www.hoteldeva.it\/wp-content\/uploads\/2025\/12\/OND03600-1280x853.jpg\"><span data-alt=\"Hotel Deva | Hotel 3 stelle Riva del Garda\"><\/span><\/a><\/div><div class=\"rsContent\"><a class=\"rsImg\" data-rsw=\"1280\" data-rsh=\"853\" data-rsBigImg=\"https:\/\/www.hoteldeva.it\/wp-content\/uploads\/2025\/12\/OND03603.jpg\" href=\"https:\/\/www.hoteldeva.it\/wp-content\/uploads\/2025\/12\/OND03603-1280x853.jpg\"><span data-alt=\"Hotel Deva | Hotel 3 stelle Riva del Garda\"><\/span><\/a><\/div><\/div><img decoding=\"async\" src=\"https:\/\/www.hoteldeva.it\/wp-content\/uploads\/2025\/12\/OND03594-1280x853.jpg\" width=\"1280\" height=\"853\" alt=\"Hotel Deva | Hotel 3 stelle Riva del Garda\" loading=\"lazy\"><\/div><div class=\"w-slider-json\" onclick='return {&quot;autoScaleSlider&quot;:true,&quot;addActiveClass&quot;:true,&quot;loop&quot;:true,&quot;fadeInLoadedSlide&quot;:false,&quot;slidesSpacing&quot;:0,&quot;imageScalePadding&quot;:0,&quot;numImagesToPreload&quot;:2,&quot;arrowsNav&quot;:true,&quot;arrowsNavAutoHide&quot;:false,&quot;transitionType&quot;:&quot;fade&quot;,&quot;transitionSpeed&quot;:900,&quot;block&quot;:{&quot;moveEffect&quot;:&quot;none&quot;,&quot;speed&quot;:300},&quot;thumbs&quot;:{&quot;fitInViewport&quot;:false,&quot;firstMargin&quot;:false,&quot;spacing&quot;:4},&quot;controlNavigation&quot;:&quot;none&quot;,&quot;fullscreen&quot;:{&quot;enabled&quot;:true},&quot;autoScaleSliderWidth&quot;:1280,&quot;autoScaleSliderHeight&quot;:853}'><\/div><\/div><\/div><\/div><\/div><div class=\"vc_col-sm-4 wpb_column vc_column_container\"><div class=\"vc_column-inner\"><div class=\"wpb_wrapper\"><div class=\"w-vwrapper us_custom_62e46706 align_none valign_top\"><h3 class=\"w-text\"><span class=\"w-text-h\"><span class=\"w-text-value\">Komfort Panorama Einzelzimmer<\/span><\/span><\/h3><div class=\"w-text us_custom_8b151e3e\"><span class=\"w-text-h\"><span class=\"w-text-value\">12 m\u00b2 \u2013 Maximal 1 Person<\/span><\/span><\/div><div class=\"wpb_text_column us_custom_08dbec1d\"><div class=\"wpb_wrapper\"><p>Gem\u00fctliches Zimmer mit Satellitenfernsehen, eigenem Bad mit Haartrockner und Pflegeprodukten.<\/p>\n<\/div><\/div><div class=\"w-popup us_custom_606fd600 has_text_color w-btn-wrapper align_none\"><button type=\"button\" aria-label=\"Zimmerausstattung\" class=\"w-popup-trigger type_btn w-btn us-btn-style_6 icon_atleft\"><i class=\"fas fa-info-circle\"><\/i><span class=\"w-btn-label\">Zimmerausstattung<\/span><\/button><div class=\"w-popup-overlay\" style=\"background:rgba(0,0,0,0.85);\"><\/div><div class=\"w-popup-wrap layout_default\" role=\"dialog\" aria-modal=\"true\" aria-label=\"Zimmerausstattung\" style=\"--title-color:var(--color-content-heading);--title-bg-color:var(--color-content-bg-alt);--content-color:var(--color-content-text);--content-bg-color:var(--color-content-bg);--popup-width:600px;--popup-padding:5%;\"><button aria-label=\"Schlie\u00dfen\" class=\"w-popup-closer\" type=\"button\"><\/button><div class=\"w-popup-box animation_fadeIn closerpos_outside without_title\"><div class=\"w-popup-box-h\"><div class=\"w-popup-box-content\"><p>Parkett- oder Holzboden, Bettw\u00e4sche, Satellitenfernsehen.<br \/>\nKostenlose Pflegeprodukte, Dusche, Handt\u00fccher, Haartrockner.<br \/>\nUnterkunft f\u00fcr G\u00e4ste mit H\u00f6rbehinderung zug\u00e4nglich.<\/p>\n<\/div><\/div><\/div><\/div><\/div><div class=\"w-hwrapper valign_top align_none\" style=\"--hwrapper-gap:0.5rem\"><div class=\"w-btn-wrapper align_none\"><a class=\"w-btn us-btn-style_4\" href=\"https:\/\/www.hoteldeva.it\/de\/angebot-anfordern\/\"><span class=\"w-btn-label\">Anfrage<\/span><\/a><\/div><div class=\"w-btn-wrapper align_none\"><a class=\"w-btn us-btn-style_1\" target=\"_blank\" href=\"https:\/\/www.simplebooking.it\/ibe2\/hotel\/11229?lang=DE&amp;cur=EUR\"><span class=\"w-btn-label\">Jetzt buchen<\/span><\/a><\/div><\/div><\/div><\/div><\/div><\/div><\/div><\/div><\/section><section class=\"l-section wpb_row height_small\"><div class=\"l-section-h i-cf\"><div class=\"g-cols vc_row via_flex valign_middle type_default stacking_default\"><div class=\"vc_col-sm-8 wpb_column vc_column_container\"><div class=\"vc_column-inner\"><div class=\"wpb_wrapper\"><div class=\"w-slider us_custom_b570b43b style_none fit_cover nav_none has_border_radius count_1\"><div class=\"w-slider-h\" aria-hidden=\"true\"><div class=\"royalSlider\"><div class=\"rsContent\"><a class=\"rsImg\" data-rsw=\"1280\" data-rsh=\"853\" data-rsBigImg=\"https:\/\/www.hoteldeva.it\/wp-content\/uploads\/2026\/02\/Group-7.jpg\" href=\"https:\/\/www.hoteldeva.it\/wp-content\/uploads\/2026\/02\/Group-7-1280x853.jpg\"><span data-alt=\"Hotel Deva | Hotel 3 stelle Riva del Garda\"><\/span><\/a><\/div><\/div><img decoding=\"async\" src=\"https:\/\/www.hoteldeva.it\/wp-content\/uploads\/2026\/02\/Group-7-1280x853.jpg\" width=\"1280\" height=\"853\" alt=\"Hotel Deva | Hotel 3 stelle Riva del Garda\" loading=\"lazy\"><\/div><div class=\"w-slider-json\" onclick='return {&quot;autoScaleSlider&quot;:true,&quot;addActiveClass&quot;:true,&quot;loop&quot;:true,&quot;fadeInLoadedSlide&quot;:false,&quot;slidesSpacing&quot;:0,&quot;imageScalePadding&quot;:0,&quot;numImagesToPreload&quot;:2,&quot;arrowsNav&quot;:true,&quot;arrowsNavAutoHide&quot;:false,&quot;transitionType&quot;:&quot;fade&quot;,&quot;transitionSpeed&quot;:900,&quot;block&quot;:{&quot;moveEffect&quot;:&quot;none&quot;,&quot;speed&quot;:300},&quot;thumbs&quot;:{&quot;fitInViewport&quot;:false,&quot;firstMargin&quot;:false,&quot;spacing&quot;:4},&quot;controlNavigation&quot;:&quot;none&quot;,&quot;fullscreen&quot;:{&quot;enabled&quot;:true},&quot;autoScaleSliderWidth&quot;:1280,&quot;autoScaleSliderHeight&quot;:853}'><\/div><\/div><\/div><\/div><\/div><div class=\"vc_col-sm-4 wpb_column vc_column_container\"><div class=\"vc_column-inner\"><div class=\"wpb_wrapper\"><div class=\"w-vwrapper us_custom_62e46706 align_none valign_top\"><h3 class=\"w-text\"><span class=\"w-text-h\"><span class=\"w-text-value\">Economy Dependance<\/span><\/span><\/h3><div class=\"w-text us_custom_8b151e3e\"><span class=\"w-text-h\"><span class=\"w-text-value\">15 m\u00b2 \u2013 Maximal 2 Personen<\/span><\/span><\/div><div class=\"wpb_text_column us_custom_08dbec1d\"><div class=\"wpb_wrapper\"><p>Gem\u00fctliches Zimmer mit Satellitenfernsehen, eigenem Bad mit Haartrockner und Pflegeprodukten.<\/p>\n<\/div><\/div><div class=\"w-popup us_custom_606fd600 has_text_color w-btn-wrapper align_none\"><button type=\"button\" aria-label=\"Zimmerausstattung\" class=\"w-popup-trigger type_btn w-btn us-btn-style_6 icon_atleft\"><i class=\"fas fa-info-circle\"><\/i><span class=\"w-btn-label\">Zimmerausstattung<\/span><\/button><div class=\"w-popup-overlay\" style=\"background:rgba(0,0,0,0.85);\"><\/div><div class=\"w-popup-wrap layout_default\" role=\"dialog\" aria-modal=\"true\" aria-label=\"Zimmerausstattung\" style=\"--title-color:var(--color-content-heading);--title-bg-color:var(--color-content-bg-alt);--content-color:var(--color-content-text);--content-bg-color:var(--color-content-bg);--popup-width:600px;--popup-padding:5%;\"><button aria-label=\"Schlie\u00dfen\" class=\"w-popup-closer\" type=\"button\"><\/button><div class=\"w-popup-box animation_fadeIn closerpos_outside without_title\"><div class=\"w-popup-box-h\"><div class=\"w-popup-box-content\"><p>Parkett- oder Holzboden, Bettw\u00e4sche, Satellitenfernsehen.<br \/>\nKostenlose Pflegeprodukte, Dusche, Handt\u00fccher, Haartrockner.<br \/>\nUnterkunft f\u00fcr G\u00e4ste mit H\u00f6rbehinderung zug\u00e4nglich.<\/p>\n<\/div><\/div><\/div><\/div><\/div><div class=\"w-hwrapper valign_top align_none\" style=\"--hwrapper-gap:0.5rem\"><div class=\"w-btn-wrapper align_none\"><a class=\"w-btn us-btn-style_4\" href=\"https:\/\/www.hoteldeva.it\/de\/angebot-anfordern\/\"><span class=\"w-btn-label\">Anfrage<\/span><\/a><\/div><div class=\"w-btn-wrapper align_none\"><a class=\"w-btn us-btn-style_1\" target=\"_blank\" href=\"https:\/\/www.simplebooking.it\/ibe2\/hotel\/11229?lang=DE&amp;cur=EUR\"><span class=\"w-btn-label\">Jetzt buchen<\/span><\/a><\/div><\/div><\/div><\/div><\/div><\/div><\/div><\/div><\/section><section class=\"l-section wpb_row height_small\"><div class=\"l-section-h i-cf\"><div class=\"g-cols vc_row via_flex valign_middle type_default stacking_default\"><div class=\"vc_col-sm-8 wpb_column vc_column_container\"><div class=\"vc_column-inner\"><div class=\"wpb_wrapper\"><div class=\"w-slider us_custom_b570b43b style_none fit_cover nav_none has_border_radius count_1\"><div class=\"w-slider-h\" aria-hidden=\"true\"><div class=\"royalSlider\"><div class=\"rsContent\"><a class=\"rsImg\" data-rsw=\"1280\" data-rsh=\"853\" data-rsBigImg=\"https:\/\/www.hoteldeva.it\/wp-content\/uploads\/2026\/02\/Group-7.jpg\" href=\"https:\/\/www.hoteldeva.it\/wp-content\/uploads\/2026\/02\/Group-7-1280x853.jpg\"><span data-alt=\"Hotel Deva | Hotel 3 stelle Riva del Garda\"><\/span><\/a><\/div><\/div><img decoding=\"async\" src=\"https:\/\/www.hoteldeva.it\/wp-content\/uploads\/2026\/02\/Group-7-1280x853.jpg\" width=\"1280\" height=\"853\" alt=\"Hotel Deva | Hotel 3 stelle Riva del Garda\" loading=\"lazy\"><\/div><div class=\"w-slider-json\" onclick='return {&quot;autoScaleSlider&quot;:true,&quot;addActiveClass&quot;:true,&quot;loop&quot;:true,&quot;fadeInLoadedSlide&quot;:false,&quot;slidesSpacing&quot;:0,&quot;imageScalePadding&quot;:0,&quot;numImagesToPreload&quot;:2,&quot;arrowsNav&quot;:true,&quot;arrowsNavAutoHide&quot;:false,&quot;transitionType&quot;:&quot;fade&quot;,&quot;transitionSpeed&quot;:900,&quot;block&quot;:{&quot;moveEffect&quot;:&quot;none&quot;,&quot;speed&quot;:300},&quot;thumbs&quot;:{&quot;fitInViewport&quot;:false,&quot;firstMargin&quot;:false,&quot;spacing&quot;:4},&quot;controlNavigation&quot;:&quot;none&quot;,&quot;fullscreen&quot;:{&quot;enabled&quot;:true},&quot;autoScaleSliderWidth&quot;:1280,&quot;autoScaleSliderHeight&quot;:853}'><\/div><\/div><\/div><\/div><\/div><div class=\"vc_col-sm-4 wpb_column vc_column_container\"><div class=\"vc_column-inner\"><div class=\"wpb_wrapper\"><div class=\"w-vwrapper us_custom_62e46706 align_none valign_top\"><h3 class=\"w-text\"><span class=\"w-text-h\"><span class=\"w-text-value\">Economy Dependance Balcony<\/span><\/span><\/h3><div class=\"w-text us_custom_8b151e3e\"><span class=\"w-text-h\"><span class=\"w-text-value\">15 m\u00b2 \u2013 Maximal 2 Personen<\/span><\/span><\/div><div class=\"wpb_text_column us_custom_08dbec1d\"><div class=\"wpb_wrapper\"><p>Zimmer mit Balkon und herrlichem Blick auf den See, Satellitenfernsehen, eigenem Bad mit Haartrockner und Pflegeprodukten.<\/p>\n<\/div><\/div><div class=\"w-popup us_custom_606fd600 has_text_color w-btn-wrapper align_none\"><button type=\"button\" aria-label=\"Zimmerausstattung\" class=\"w-popup-trigger type_btn w-btn us-btn-style_6 icon_atleft\"><i class=\"fas fa-info-circle\"><\/i><span class=\"w-btn-label\">Zimmerausstattung<\/span><\/button><div class=\"w-popup-overlay\" style=\"background:rgba(0,0,0,0.85);\"><\/div><div class=\"w-popup-wrap layout_default\" role=\"dialog\" aria-modal=\"true\" aria-label=\"Zimmerausstattung\" style=\"--title-color:var(--color-content-heading);--title-bg-color:var(--color-content-bg-alt);--content-color:var(--color-content-text);--content-bg-color:var(--color-content-bg);--popup-width:600px;--popup-padding:5%;\"><button aria-label=\"Schlie\u00dfen\" class=\"w-popup-closer\" type=\"button\"><\/button><div class=\"w-popup-box animation_fadeIn closerpos_outside without_title\"><div class=\"w-popup-box-h\"><div class=\"w-popup-box-content\"><p>Parkett- oder Holzboden, Bettw\u00e4sche, Satellitenfernsehen.<br \/>\nKostenlose Pflegeprodukte, Dusche, Handt\u00fccher, Haartrockner.<br \/>\nUnterkunft f\u00fcr G\u00e4ste mit H\u00f6rbehinderung zug\u00e4nglich.<\/p>\n<\/div><\/div><\/div><\/div><\/div><div class=\"w-hwrapper valign_top align_none\" style=\"--hwrapper-gap:0.5rem\"><div class=\"w-btn-wrapper align_none\"><a class=\"w-btn us-btn-style_4\" href=\"https:\/\/www.hoteldeva.it\/de\/angebot-anfordern\/\"><span class=\"w-btn-label\">Anfrage<\/span><\/a><\/div><div class=\"w-btn-wrapper align_none\"><a class=\"w-btn us-btn-style_1\" target=\"_blank\" href=\"https:\/\/www.simplebooking.it\/ibe2\/hotel\/11229?lang=DE&amp;cur=EUR\"><span class=\"w-btn-label\">Jetzt buchen<\/span><\/a><\/div><\/div><\/div><\/div><\/div><\/div><\/div><\/div><\/section><section class=\"l-section wpb_row height_small\"><div class=\"l-section-h i-cf\"><div class=\"g-cols vc_row via_flex valign_middle type_default stacking_default\"><div class=\"vc_col-sm-8 wpb_column vc_column_container\"><div class=\"vc_column-inner\"><div class=\"wpb_wrapper\"><div class=\"w-slider us_custom_b570b43b style_none fit_cover nav_none has_border_radius count_5\"><div class=\"w-slider-h\" aria-hidden=\"true\"><div class=\"royalSlider\"><div class=\"rsContent\"><a class=\"rsImg\" data-rsw=\"1280\" data-rsh=\"853\" data-rsBigImg=\"https:\/\/www.hoteldeva.it\/wp-content\/uploads\/2025\/12\/OND03680.jpg\" href=\"https:\/\/www.hoteldeva.it\/wp-content\/uploads\/2025\/12\/OND03680-1280x853.jpg\"><span data-alt=\"Hotel Deva | Hotel 3 stelle Riva del Garda\"><\/span><\/a><\/div><div class=\"rsContent\"><a class=\"rsImg\" data-rsw=\"1280\" data-rsh=\"853\" data-rsBigImg=\"https:\/\/www.hoteldeva.it\/wp-content\/uploads\/2025\/12\/OND03681.jpg\" href=\"https:\/\/www.hoteldeva.it\/wp-content\/uploads\/2025\/12\/OND03681-1280x853.jpg\"><span data-alt=\"Hotel Deva | Hotel 3 stelle Riva del Garda\"><\/span><\/a><\/div><div class=\"rsContent\"><a class=\"rsImg\" data-rsw=\"1280\" data-rsh=\"853\" data-rsBigImg=\"https:\/\/www.hoteldeva.it\/wp-content\/uploads\/2025\/12\/OND03685.jpg\" href=\"https:\/\/www.hoteldeva.it\/wp-content\/uploads\/2025\/12\/OND03685-1280x853.jpg\"><span data-alt=\"Hotel Deva | Hotel 3 stelle Riva del Garda\"><\/span><\/a><\/div><div class=\"rsContent\"><a class=\"rsImg\" data-rsw=\"1280\" data-rsh=\"853\" data-rsBigImg=\"https:\/\/www.hoteldeva.it\/wp-content\/uploads\/2025\/12\/OND03688.jpg\" href=\"https:\/\/www.hoteldeva.it\/wp-content\/uploads\/2025\/12\/OND03688-1280x853.jpg\"><span data-alt=\"Hotel Deva | Hotel 3 stelle Riva del Garda\"><\/span><\/a><\/div><div class=\"rsContent\"><a class=\"rsImg\" data-rsw=\"1280\" data-rsh=\"853\" data-rsBigImg=\"https:\/\/www.hoteldeva.it\/wp-content\/uploads\/2025\/12\/OND03689.jpg\" href=\"https:\/\/www.hoteldeva.it\/wp-content\/uploads\/2025\/12\/OND03689-1280x853.jpg\"><span data-alt=\"Hotel Deva | Hotel 3 stelle Riva del Garda\"><\/span><\/a><\/div><\/div><img decoding=\"async\" src=\"https:\/\/www.hoteldeva.it\/wp-content\/uploads\/2025\/12\/OND03680-1280x853.jpg\" width=\"1280\" height=\"853\" alt=\"Hotel Deva | Hotel 3 stelle Riva del Garda\" loading=\"lazy\"><\/div><div class=\"w-slider-json\" onclick='return {&quot;autoScaleSlider&quot;:true,&quot;addActiveClass&quot;:true,&quot;loop&quot;:true,&quot;fadeInLoadedSlide&quot;:false,&quot;slidesSpacing&quot;:0,&quot;imageScalePadding&quot;:0,&quot;numImagesToPreload&quot;:2,&quot;arrowsNav&quot;:true,&quot;arrowsNavAutoHide&quot;:false,&quot;transitionType&quot;:&quot;fade&quot;,&quot;transitionSpeed&quot;:900,&quot;block&quot;:{&quot;moveEffect&quot;:&quot;none&quot;,&quot;speed&quot;:300},&quot;thumbs&quot;:{&quot;fitInViewport&quot;:false,&quot;firstMargin&quot;:false,&quot;spacing&quot;:4},&quot;controlNavigation&quot;:&quot;none&quot;,&quot;fullscreen&quot;:{&quot;enabled&quot;:true},&quot;autoScaleSliderWidth&quot;:1280,&quot;autoScaleSliderHeight&quot;:853}'><\/div><\/div><\/div><\/div><\/div><div class=\"vc_col-sm-4 wpb_column vc_column_container\"><div class=\"vc_column-inner\"><div class=\"wpb_wrapper\"><div class=\"w-vwrapper us_custom_62e46706 align_none valign_top\"><h3 class=\"w-text\"><span class=\"w-text-h\"><span class=\"w-text-value\">Standardzimmer<\/span><\/span><\/h3><div class=\"w-text us_custom_8b151e3e\"><span class=\"w-text-h\"><span class=\"w-text-value\">15 m\u00b2 \u2013 Maximal 3 Personen<\/span><\/span><\/div><div class=\"wpb_text_column us_custom_08dbec1d\"><div class=\"wpb_wrapper\"><p>Gem\u00fctliches Zimmer mit Satellitenfernsehen, eigenem Bad mit Haartrockner und Pflegeprodukten.<\/p>\n<\/div><\/div><div class=\"w-popup us_custom_606fd600 has_text_color w-btn-wrapper align_none\"><button type=\"button\" aria-label=\"Zimmerausstattung\" class=\"w-popup-trigger type_btn w-btn us-btn-style_6 icon_atleft\"><i class=\"fas fa-info-circle\"><\/i><span class=\"w-btn-label\">Zimmerausstattung<\/span><\/button><div class=\"w-popup-overlay\" style=\"background:rgba(0,0,0,0.85);\"><\/div><div class=\"w-popup-wrap layout_default\" role=\"dialog\" aria-modal=\"true\" aria-label=\"Zimmerausstattung\" style=\"--title-color:var(--color-content-heading);--title-bg-color:var(--color-content-bg-alt);--content-color:var(--color-content-text);--content-bg-color:var(--color-content-bg);--popup-width:600px;--popup-padding:5%;\"><button aria-label=\"Schlie\u00dfen\" class=\"w-popup-closer\" type=\"button\"><\/button><div class=\"w-popup-box animation_fadeIn closerpos_outside without_title\"><div class=\"w-popup-box-h\"><div class=\"w-popup-box-content\"><p>Parkett- oder Holzboden, Bettw\u00e4sche, Satellitenfernsehen.<br \/>\nKostenlose Pflegeprodukte, Dusche, Handt\u00fccher, Haartrockner.<br \/>\nUnterkunft f\u00fcr G\u00e4ste mit H\u00f6rbehinderung zug\u00e4nglich.<\/p>\n<\/div><\/div><\/div><\/div><\/div><div class=\"w-hwrapper valign_top align_none\" style=\"--hwrapper-gap:0.5rem\"><div class=\"w-btn-wrapper align_none\"><a class=\"w-btn us-btn-style_4\" href=\"https:\/\/www.hoteldeva.it\/de\/angebot-anfordern\/\"><span class=\"w-btn-label\">Anfrage<\/span><\/a><\/div><div class=\"w-btn-wrapper align_none\"><a class=\"w-btn us-btn-style_1\" target=\"_blank\" href=\"https:\/\/www.simplebooking.it\/ibe2\/hotel\/11229?lang=DE&amp;cur=EUR\"><span class=\"w-btn-label\">Jetzt buchen<\/span><\/a><\/div><\/div><\/div><\/div><\/div><\/div><\/div><\/div><\/section><section class=\"l-section wpb_row height_small\"><div class=\"l-section-h i-cf\"><div class=\"g-cols vc_row via_flex valign_middle type_default stacking_default\"><div class=\"vc_col-sm-8 wpb_column vc_column_container\"><div class=\"vc_column-inner\"><div class=\"wpb_wrapper\"><div class=\"w-slider us_custom_b570b43b style_none fit_cover nav_none has_border_radius count_11\"><div class=\"w-slider-h\" aria-hidden=\"true\"><div class=\"royalSlider\"><div class=\"rsContent\"><a class=\"rsImg\" data-rsw=\"1280\" data-rsh=\"853\" data-rsBigImg=\"https:\/\/www.hoteldeva.it\/wp-content\/uploads\/2025\/12\/OND03724.jpg\" href=\"https:\/\/www.hoteldeva.it\/wp-content\/uploads\/2025\/12\/OND03724-1280x853.jpg\"><span data-alt=\"Hotel Deva | Hotel 3 stelle Riva del Garda\"><\/span><\/a><\/div><div class=\"rsContent\"><a class=\"rsImg\" data-rsw=\"1280\" data-rsh=\"853\" data-rsBigImg=\"https:\/\/www.hoteldeva.it\/wp-content\/uploads\/2025\/12\/OND03727.jpg\" href=\"https:\/\/www.hoteldeva.it\/wp-content\/uploads\/2025\/12\/OND03727-1280x853.jpg\"><span data-alt=\"Hotel Deva | Hotel 3 stelle Riva del Garda\"><\/span><\/a><\/div><div class=\"rsContent\"><a class=\"rsImg\" data-rsw=\"1280\" data-rsh=\"853\" data-rsBigImg=\"https:\/\/www.hoteldeva.it\/wp-content\/uploads\/2025\/12\/OND03730.jpg\" href=\"https:\/\/www.hoteldeva.it\/wp-content\/uploads\/2025\/12\/OND03730-1280x853.jpg\"><span data-alt=\"Hotel Deva | Hotel 3 stelle Riva del Garda\"><\/span><\/a><\/div><div class=\"rsContent\"><a class=\"rsImg\" data-rsw=\"1280\" data-rsh=\"853\" data-rsBigImg=\"https:\/\/www.hoteldeva.it\/wp-content\/uploads\/2025\/12\/OND03734.jpg\" href=\"https:\/\/www.hoteldeva.it\/wp-content\/uploads\/2025\/12\/OND03734-1280x853.jpg\"><span data-alt=\"Hotel Deva | Hotel 3 stelle Riva del Garda\"><\/span><\/a><\/div><div class=\"rsContent\"><a class=\"rsImg\" data-rsw=\"1280\" data-rsh=\"853\" data-rsBigImg=\"https:\/\/www.hoteldeva.it\/wp-content\/uploads\/2025\/12\/OND03735.jpg\" href=\"https:\/\/www.hoteldeva.it\/wp-content\/uploads\/2025\/12\/OND03735-1280x853.jpg\"><span data-alt=\"Hotel Deva | Hotel 3 stelle Riva del Garda\"><\/span><\/a><\/div><div class=\"rsContent\"><a class=\"rsImg\" data-rsw=\"1280\" data-rsh=\"853\" data-rsBigImg=\"https:\/\/www.hoteldeva.it\/wp-content\/uploads\/2025\/12\/OND03745-HDR.jpg\" href=\"https:\/\/www.hoteldeva.it\/wp-content\/uploads\/2025\/12\/OND03745-HDR-1280x853.jpg\"><span data-alt=\"Hotel Deva | Hotel 3 stelle Riva del Garda\"><\/span><\/a><\/div><div class=\"rsContent\"><a class=\"rsImg\" data-rsw=\"1280\" data-rsh=\"853\" data-rsBigImg=\"https:\/\/www.hoteldeva.it\/wp-content\/uploads\/2025\/12\/OND03749.jpg\" href=\"https:\/\/www.hoteldeva.it\/wp-content\/uploads\/2025\/12\/OND03749-1280x853.jpg\"><span data-alt=\"Hotel Deva | Hotel 3 stelle Riva del Garda\"><\/span><\/a><\/div><div class=\"rsContent\"><a class=\"rsImg\" data-rsw=\"1280\" data-rsh=\"853\" data-rsBigImg=\"https:\/\/www.hoteldeva.it\/wp-content\/uploads\/2025\/12\/OND03756.jpg\" href=\"https:\/\/www.hoteldeva.it\/wp-content\/uploads\/2025\/12\/OND03756-1280x853.jpg\"><span data-alt=\"Hotel Deva | Hotel 3 stelle Riva del Garda\"><\/span><\/a><\/div><div class=\"rsContent\"><a class=\"rsImg\" data-rsw=\"1280\" data-rsh=\"853\" data-rsBigImg=\"https:\/\/www.hoteldeva.it\/wp-content\/uploads\/2025\/12\/OND03757.jpg\" href=\"https:\/\/www.hoteldeva.it\/wp-content\/uploads\/2025\/12\/OND03757-1280x853.jpg\"><span data-alt=\"Hotel Deva | Hotel 3 stelle Riva del Garda\"><\/span><\/a><\/div><div class=\"rsContent\"><a class=\"rsImg\" data-rsw=\"1280\" data-rsh=\"853\" data-rsBigImg=\"https:\/\/www.hoteldeva.it\/wp-content\/uploads\/2025\/12\/OND03764.jpg\" href=\"https:\/\/www.hoteldeva.it\/wp-content\/uploads\/2025\/12\/OND03764-1280x853.jpg\"><span data-alt=\"Hotel Deva | Hotel 3 stelle Riva del Garda\"><\/span><\/a><\/div><div class=\"rsContent\"><a class=\"rsImg\" data-rsw=\"1280\" data-rsh=\"853\" data-rsBigImg=\"https:\/\/www.hoteldeva.it\/wp-content\/uploads\/2025\/12\/OND03743.jpg\" href=\"https:\/\/www.hoteldeva.it\/wp-content\/uploads\/2025\/12\/OND03743-1280x853.jpg\"><span data-alt=\"Hotel Deva | Hotel 3 stelle Riva del Garda\"><\/span><\/a><\/div><\/div><img decoding=\"async\" src=\"https:\/\/www.hoteldeva.it\/wp-content\/uploads\/2025\/12\/OND03724-1280x853.jpg\" width=\"1280\" height=\"853\" alt=\"Hotel Deva | Hotel 3 stelle Riva del Garda\" loading=\"lazy\"><\/div><div class=\"w-slider-json\" onclick='return {&quot;autoScaleSlider&quot;:true,&quot;addActiveClass&quot;:true,&quot;loop&quot;:true,&quot;fadeInLoadedSlide&quot;:false,&quot;slidesSpacing&quot;:0,&quot;imageScalePadding&quot;:0,&quot;numImagesToPreload&quot;:2,&quot;arrowsNav&quot;:true,&quot;arrowsNavAutoHide&quot;:false,&quot;transitionType&quot;:&quot;fade&quot;,&quot;transitionSpeed&quot;:900,&quot;block&quot;:{&quot;moveEffect&quot;:&quot;none&quot;,&quot;speed&quot;:300},&quot;thumbs&quot;:{&quot;fitInViewport&quot;:false,&quot;firstMargin&quot;:false,&quot;spacing&quot;:4},&quot;controlNavigation&quot;:&quot;none&quot;,&quot;fullscreen&quot;:{&quot;enabled&quot;:true},&quot;autoScaleSliderWidth&quot;:1280,&quot;autoScaleSliderHeight&quot;:853}'><\/div><\/div><\/div><\/div><\/div><div class=\"vc_col-sm-4 wpb_column vc_column_container\"><div class=\"vc_column-inner\"><div class=\"wpb_wrapper\"><div class=\"w-vwrapper us_custom_62e46706 align_none valign_top\"><h3 class=\"w-text\"><span class=\"w-text-h\"><span class=\"w-text-value\">Standardzimmer Large<\/span><\/span><\/h3><div class=\"w-text us_custom_8b151e3e\"><span class=\"w-text-h\"><span class=\"w-text-value\">20 m\u00b2 \u2013 Maximal 4 Personen<\/span><\/span><\/div><div class=\"wpb_text_column us_custom_08dbec1d\"><div class=\"wpb_wrapper\"><p>Gem\u00fctliches Zimmer mit Satellitenfernsehen, eigenem Bad mit Haartrockner und Pflegeprodukten.<\/p>\n<\/div><\/div><div class=\"w-popup us_custom_606fd600 has_text_color w-btn-wrapper align_none\"><button type=\"button\" aria-label=\"Zimmerausstattung\" class=\"w-popup-trigger type_btn w-btn us-btn-style_6 icon_atleft\"><i class=\"fas fa-info-circle\"><\/i><span class=\"w-btn-label\">Zimmerausstattung<\/span><\/button><div class=\"w-popup-overlay\" style=\"background:rgba(0,0,0,0.85);\"><\/div><div class=\"w-popup-wrap layout_default\" role=\"dialog\" aria-modal=\"true\" aria-label=\"Zimmerausstattung\" style=\"--title-color:var(--color-content-heading);--title-bg-color:var(--color-content-bg-alt);--content-color:var(--color-content-text);--content-bg-color:var(--color-content-bg);--popup-width:600px;--popup-padding:5%;\"><button aria-label=\"Schlie\u00dfen\" class=\"w-popup-closer\" type=\"button\"><\/button><div class=\"w-popup-box animation_fadeIn closerpos_outside without_title\"><div class=\"w-popup-box-h\"><div class=\"w-popup-box-content\"><p>Parkett- oder Holzboden, Bettw\u00e4sche, Satellitenfernsehen.<br \/>\nKostenlose Pflegeprodukte, Dusche, Handt\u00fccher, Haartrockner.<br \/>\nUnterkunft f\u00fcr G\u00e4ste mit H\u00f6rbehinderung zug\u00e4nglich.<\/p>\n<\/div><\/div><\/div><\/div><\/div><div class=\"w-hwrapper valign_top align_none\" style=\"--hwrapper-gap:0.5rem\"><div class=\"w-btn-wrapper align_none\"><a class=\"w-btn us-btn-style_4\" href=\"https:\/\/www.hoteldeva.it\/de\/angebot-anfordern\/\"><span class=\"w-btn-label\">Anfrage<\/span><\/a><\/div><div class=\"w-btn-wrapper align_none\"><a class=\"w-btn us-btn-style_1\" target=\"_blank\" href=\"https:\/\/www.simplebooking.it\/ibe2\/hotel\/11229?lang=DE&amp;cur=EUR\"><span class=\"w-btn-label\">Jetzt buchen<\/span><\/a><\/div><\/div><\/div><\/div><\/div><\/div><\/div><\/div><\/section><section class=\"l-section wpb_row height_small\"><div class=\"l-section-h i-cf\"><div class=\"g-cols vc_row via_flex valign_middle type_default stacking_default\"><div class=\"vc_col-sm-8 wpb_column vc_column_container\"><div class=\"vc_column-inner\"><div class=\"wpb_wrapper\"><div class=\"w-slider us_custom_b570b43b style_none fit_cover nav_none has_border_radius count_6\"><div class=\"w-slider-h\" aria-hidden=\"true\"><div class=\"royalSlider\"><div class=\"rsContent\"><a class=\"rsImg\" data-rsw=\"1280\" data-rsh=\"853\" data-rsBigImg=\"https:\/\/www.hoteldeva.it\/wp-content\/uploads\/2025\/12\/OND03634.jpg\" href=\"https:\/\/www.hoteldeva.it\/wp-content\/uploads\/2025\/12\/OND03634-1280x853.jpg\"><span data-alt=\"Hotel Deva | Hotel 3 stelle Riva del Garda\"><\/span><\/a><\/div><div class=\"rsContent\"><a class=\"rsImg\" data-rsw=\"1280\" data-rsh=\"853\" data-rsBigImg=\"https:\/\/www.hoteldeva.it\/wp-content\/uploads\/2025\/12\/OND03637.jpg\" href=\"https:\/\/www.hoteldeva.it\/wp-content\/uploads\/2025\/12\/OND03637-1280x853.jpg\"><span data-alt=\"Hotel Deva | Hotel 3 stelle Riva del Garda\"><\/span><\/a><\/div><div class=\"rsContent\"><a class=\"rsImg\" data-rsw=\"1280\" data-rsh=\"853\" data-rsBigImg=\"https:\/\/www.hoteldeva.it\/wp-content\/uploads\/2025\/12\/OND03640.jpg\" href=\"https:\/\/www.hoteldeva.it\/wp-content\/uploads\/2025\/12\/OND03640-1280x853.jpg\"><span data-alt=\"Hotel Deva | Hotel 3 stelle Riva del Garda\"><\/span><\/a><\/div><div class=\"rsContent\"><a class=\"rsImg\" data-rsw=\"1280\" data-rsh=\"853\" data-rsBigImg=\"https:\/\/www.hoteldeva.it\/wp-content\/uploads\/2025\/12\/OND03643.jpg\" href=\"https:\/\/www.hoteldeva.it\/wp-content\/uploads\/2025\/12\/OND03643-1280x853.jpg\"><span data-alt=\"Hotel Deva | Hotel 3 stelle Riva del Garda\"><\/span><\/a><\/div><div class=\"rsContent\"><a class=\"rsImg\" data-rsw=\"1280\" data-rsh=\"853\" data-rsBigImg=\"https:\/\/www.hoteldeva.it\/wp-content\/uploads\/2025\/12\/OND03653.jpg\" href=\"https:\/\/www.hoteldeva.it\/wp-content\/uploads\/2025\/12\/OND03653-1280x853.jpg\"><span data-alt=\"Hotel Deva | Hotel 3 stelle Riva del Garda\"><\/span><\/a><\/div><div class=\"rsContent\"><a class=\"rsImg\" data-rsw=\"1280\" data-rsh=\"853\" data-rsBigImg=\"https:\/\/www.hoteldeva.it\/wp-content\/uploads\/2025\/12\/OND03654.jpg\" href=\"https:\/\/www.hoteldeva.it\/wp-content\/uploads\/2025\/12\/OND03654-1280x853.jpg\"><span data-alt=\"Hotel Deva | Hotel 3 stelle Riva del Garda\"><\/span><\/a><\/div><\/div><img decoding=\"async\" src=\"https:\/\/www.hoteldeva.it\/wp-content\/uploads\/2025\/12\/OND03634-1280x853.jpg\" width=\"1280\" height=\"853\" alt=\"Hotel Deva | Hotel 3 stelle Riva del Garda\" loading=\"lazy\"><\/div><div class=\"w-slider-json\" onclick='return {&quot;autoScaleSlider&quot;:true,&quot;addActiveClass&quot;:true,&quot;loop&quot;:true,&quot;fadeInLoadedSlide&quot;:false,&quot;slidesSpacing&quot;:0,&quot;imageScalePadding&quot;:0,&quot;numImagesToPreload&quot;:2,&quot;arrowsNav&quot;:true,&quot;arrowsNavAutoHide&quot;:false,&quot;transitionType&quot;:&quot;fade&quot;,&quot;transitionSpeed&quot;:900,&quot;block&quot;:{&quot;moveEffect&quot;:&quot;none&quot;,&quot;speed&quot;:300},&quot;thumbs&quot;:{&quot;fitInViewport&quot;:false,&quot;firstMargin&quot;:false,&quot;spacing&quot;:4},&quot;controlNavigation&quot;:&quot;none&quot;,&quot;fullscreen&quot;:{&quot;enabled&quot;:true},&quot;autoScaleSliderWidth&quot;:1280,&quot;autoScaleSliderHeight&quot;:853}'><\/div><\/div><\/div><\/div><\/div><div class=\"vc_col-sm-4 wpb_column vc_column_container\"><div class=\"vc_column-inner\"><div class=\"wpb_wrapper\"><div class=\"w-vwrapper us_custom_62e46706 align_none valign_top\"><h3 class=\"w-text\"><span class=\"w-text-h\"><span class=\"w-text-value\">Standard Extra Balcony<\/span><\/span><\/h3><div class=\"w-text us_custom_8b151e3e\"><span class=\"w-text-h\"><span class=\"w-text-value\">15 m\u00b2 \u2013 Maximal 2 Personen<\/span><\/span><\/div><div class=\"wpb_text_column us_custom_08dbec1d\"><div class=\"wpb_wrapper\"><p>Zimmer mit Balkon und herrlichem Blick auf den See, Satellitenfernsehen, eigenem Bad mit Haartrockner und Pflegeprodukten.<\/p>\n<\/div><\/div><div class=\"w-popup us_custom_606fd600 has_text_color w-btn-wrapper align_none\"><button type=\"button\" aria-label=\"Zimmerausstattung\" class=\"w-popup-trigger type_btn w-btn us-btn-style_6 icon_atleft\"><i class=\"fas fa-info-circle\"><\/i><span class=\"w-btn-label\">Zimmerausstattung<\/span><\/button><div class=\"w-popup-overlay\" style=\"background:rgba(0,0,0,0.85);\"><\/div><div class=\"w-popup-wrap layout_default\" role=\"dialog\" aria-modal=\"true\" aria-label=\"Zimmerausstattung\" style=\"--title-color:var(--color-content-heading);--title-bg-color:var(--color-content-bg-alt);--content-color:var(--color-content-text);--content-bg-color:var(--color-content-bg);--popup-width:600px;--popup-padding:5%;\"><button aria-label=\"Schlie\u00dfen\" class=\"w-popup-closer\" type=\"button\"><\/button><div class=\"w-popup-box animation_fadeIn closerpos_outside without_title\"><div class=\"w-popup-box-h\"><div class=\"w-popup-box-content\"><p>Parkett- oder Holzboden, Bettw\u00e4sche, Satellitenfernsehen.<br \/>\nKostenlose Pflegeprodukte, Dusche, Handt\u00fccher, Haartrockner.<br \/>\nUnterkunft f\u00fcr G\u00e4ste mit H\u00f6rbehinderung zug\u00e4nglich.<\/p>\n<\/div><\/div><\/div><\/div><\/div><div class=\"w-hwrapper valign_top align_none\" style=\"--hwrapper-gap:0.5rem\"><div class=\"w-btn-wrapper align_none\"><a class=\"w-btn us-btn-style_4\" href=\"https:\/\/www.hoteldeva.it\/de\/angebot-anfordern\/\"><span class=\"w-btn-label\">Anfrage<\/span><\/a><\/div><div class=\"w-btn-wrapper align_none\"><a class=\"w-btn us-btn-style_1\" target=\"_blank\" href=\"https:\/\/www.simplebooking.it\/ibe2\/hotel\/11229?lang=DE&amp;cur=EUR\"><span class=\"w-btn-label\">Jetzt buchen<\/span><\/a><\/div><\/div><\/div><\/div><\/div><\/div><\/div><\/div><\/section><section class=\"l-section wpb_row height_small\"><div class=\"l-section-h i-cf\"><div class=\"g-cols vc_row via_flex valign_middle type_default stacking_default\"><div class=\"vc_col-sm-8 wpb_column vc_column_container\"><div class=\"vc_column-inner\"><div class=\"wpb_wrapper\"><div class=\"w-slider us_custom_b570b43b style_none fit_cover nav_none has_border_radius count_5\"><div class=\"w-slider-h\" aria-hidden=\"true\"><div class=\"royalSlider\"><div class=\"rsContent\"><a class=\"rsImg\" data-rsw=\"1280\" data-rsh=\"853\" data-rsBigImg=\"https:\/\/www.hoteldeva.it\/wp-content\/uploads\/2025\/12\/OND03609.jpg\" href=\"https:\/\/www.hoteldeva.it\/wp-content\/uploads\/2025\/12\/OND03609-1280x853.jpg\"><span data-alt=\"Hotel Deva | Hotel 3 stelle Riva del Garda\"><\/span><\/a><\/div><div class=\"rsContent\"><a class=\"rsImg\" data-rsw=\"1280\" data-rsh=\"853\" data-rsBigImg=\"https:\/\/www.hoteldeva.it\/wp-content\/uploads\/2025\/12\/OND03617.jpg\" href=\"https:\/\/www.hoteldeva.it\/wp-content\/uploads\/2025\/12\/OND03617-1280x853.jpg\"><span data-alt=\"Hotel Deva | Hotel 3 stelle Riva del Garda\"><\/span><\/a><\/div><div class=\"rsContent\"><a class=\"rsImg\" data-rsw=\"1280\" data-rsh=\"853\" data-rsBigImg=\"https:\/\/www.hoteldeva.it\/wp-content\/uploads\/2025\/12\/OND03618.jpg\" href=\"https:\/\/www.hoteldeva.it\/wp-content\/uploads\/2025\/12\/OND03618-1280x853.jpg\"><span data-alt=\"Hotel Deva | Hotel 3 stelle Riva del Garda\"><\/span><\/a><\/div><div class=\"rsContent\"><a class=\"rsImg\" data-rsw=\"1280\" data-rsh=\"853\" data-rsBigImg=\"https:\/\/www.hoteldeva.it\/wp-content\/uploads\/2025\/12\/OND03623.jpg\" href=\"https:\/\/www.hoteldeva.it\/wp-content\/uploads\/2025\/12\/OND03623-1280x853.jpg\"><span data-alt=\"Hotel Deva | Hotel 3 stelle Riva del Garda\"><\/span><\/a><\/div><div class=\"rsContent\"><a class=\"rsImg\" data-rsw=\"1280\" data-rsh=\"853\" data-rsBigImg=\"https:\/\/www.hoteldeva.it\/wp-content\/uploads\/2025\/12\/OND03627.jpg\" href=\"https:\/\/www.hoteldeva.it\/wp-content\/uploads\/2025\/12\/OND03627-1280x853.jpg\"><span data-alt=\"Hotel Deva | Hotel 3 stelle Riva del Garda\"><\/span><\/a><\/div><\/div><img decoding=\"async\" src=\"https:\/\/www.hoteldeva.it\/wp-content\/uploads\/2025\/12\/OND03609-1280x853.jpg\" width=\"1280\" height=\"853\" alt=\"Hotel Deva | Hotel 3 stelle Riva del Garda\" loading=\"lazy\"><\/div><div class=\"w-slider-json\" onclick='return {&quot;autoScaleSlider&quot;:true,&quot;addActiveClass&quot;:true,&quot;loop&quot;:true,&quot;fadeInLoadedSlide&quot;:false,&quot;slidesSpacing&quot;:0,&quot;imageScalePadding&quot;:0,&quot;numImagesToPreload&quot;:2,&quot;arrowsNav&quot;:true,&quot;arrowsNavAutoHide&quot;:false,&quot;transitionType&quot;:&quot;fade&quot;,&quot;transitionSpeed&quot;:900,&quot;block&quot;:{&quot;moveEffect&quot;:&quot;none&quot;,&quot;speed&quot;:300},&quot;thumbs&quot;:{&quot;fitInViewport&quot;:false,&quot;firstMargin&quot;:false,&quot;spacing&quot;:4},&quot;controlNavigation&quot;:&quot;none&quot;,&quot;fullscreen&quot;:{&quot;enabled&quot;:true},&quot;autoScaleSliderWidth&quot;:1280,&quot;autoScaleSliderHeight&quot;:853}'><\/div><\/div><\/div><\/div><\/div><div class=\"vc_col-sm-4 wpb_column vc_column_container\"><div class=\"vc_column-inner\"><div class=\"wpb_wrapper\"><div class=\"w-vwrapper us_custom_62e46706 align_none valign_top\"><h3 class=\"w-text\"><span class=\"w-text-h\"><span class=\"w-text-value\">Comfort Panorama Balcony<\/span><\/span><\/h3><div class=\"w-text us_custom_8b151e3e\"><span class=\"w-text-h\"><span class=\"w-text-value\">15 m\u00b2 \u2013 Maximal 3 Personen<\/span><\/span><\/div><div class=\"wpb_text_column us_custom_08dbec1d\"><div class=\"wpb_wrapper\"><p>Zimmer mit Balkon und herrlichem Blick auf den See, Satellitenfernsehen, eigenem Bad mit Haartrockner und Pflegeprodukten.<\/p>\n<\/div><\/div><div class=\"w-popup us_custom_606fd600 has_text_color w-btn-wrapper align_none\"><button type=\"button\" aria-label=\"Zimmerausstattung\" class=\"w-popup-trigger type_btn w-btn us-btn-style_6 icon_atleft\"><i class=\"fas fa-info-circle\"><\/i><span class=\"w-btn-label\">Zimmerausstattung<\/span><\/button><div class=\"w-popup-overlay\" style=\"background:rgba(0,0,0,0.85);\"><\/div><div class=\"w-popup-wrap layout_default\" role=\"dialog\" aria-modal=\"true\" aria-label=\"Zimmerausstattung\" style=\"--title-color:var(--color-content-heading);--title-bg-color:var(--color-content-bg-alt);--content-color:var(--color-content-text);--content-bg-color:var(--color-content-bg);--popup-width:600px;--popup-padding:5%;\"><button aria-label=\"Schlie\u00dfen\" class=\"w-popup-closer\" type=\"button\"><\/button><div class=\"w-popup-box animation_fadeIn closerpos_outside without_title\"><div class=\"w-popup-box-h\"><div class=\"w-popup-box-content\"><p>Parkett- oder Holzboden, Bettw\u00e4sche, Satellitenfernsehen.<br \/>\nKostenlose Pflegeprodukte, Dusche, Handt\u00fccher, Haartrockner.<br \/>\nUnterkunft f\u00fcr G\u00e4ste mit H\u00f6rbehinderung zug\u00e4nglich.<\/p>\n<\/div><\/div><\/div><\/div><\/div><div class=\"w-hwrapper valign_top align_none\" style=\"--hwrapper-gap:0.5rem\"><div class=\"w-btn-wrapper align_none\"><a class=\"w-btn us-btn-style_4\" href=\"https:\/\/www.hoteldeva.it\/de\/angebot-anfordern\/\"><span class=\"w-btn-label\">Anfrage<\/span><\/a><\/div><div class=\"w-btn-wrapper align_none\"><a class=\"w-btn us-btn-style_1\" target=\"_blank\" href=\"https:\/\/www.simplebooking.it\/ibe2\/hotel\/11229?lang=DE&amp;cur=EUR\"><span class=\"w-btn-label\">Jetzt buchen<\/span><\/a><\/div><\/div><\/div><\/div><\/div><\/div><\/div><\/div><\/section><section class=\"l-section wpb_row height_small\"><div class=\"l-section-h i-cf\"><div class=\"g-cols vc_row via_flex valign_middle type_default stacking_default\"><div class=\"vc_col-sm-8 wpb_column vc_column_container\"><div class=\"vc_column-inner\"><div class=\"wpb_wrapper\"><div class=\"w-slider us_custom_b570b43b style_none fit_cover nav_none has_border_radius count_7\"><div class=\"w-slider-h\" aria-hidden=\"true\"><div class=\"royalSlider\"><div class=\"rsContent\"><a class=\"rsImg\" data-rsw=\"1280\" data-rsh=\"853\" data-rsBigImg=\"https:\/\/www.hoteldeva.it\/wp-content\/uploads\/2025\/12\/OND03770.jpg\" href=\"https:\/\/www.hoteldeva.it\/wp-content\/uploads\/2025\/12\/OND03770-1280x853.jpg\"><span data-alt=\"Hotel Deva | Hotel 3 stelle Riva del Garda\"><\/span><\/a><\/div><div class=\"rsContent\"><a class=\"rsImg\" data-rsw=\"1280\" data-rsh=\"853\" data-rsBigImg=\"https:\/\/www.hoteldeva.it\/wp-content\/uploads\/2025\/12\/OND03773.jpg\" href=\"https:\/\/www.hoteldeva.it\/wp-content\/uploads\/2025\/12\/OND03773-1280x853.jpg\"><span data-alt=\"Hotel Deva | Hotel 3 stelle Riva del Garda\"><\/span><\/a><\/div><div class=\"rsContent\"><a class=\"rsImg\" data-rsw=\"1280\" data-rsh=\"853\" data-rsBigImg=\"https:\/\/www.hoteldeva.it\/wp-content\/uploads\/2025\/12\/OND03777.jpg\" href=\"https:\/\/www.hoteldeva.it\/wp-content\/uploads\/2025\/12\/OND03777-1280x853.jpg\"><span data-alt=\"Hotel Deva | Hotel 3 stelle Riva del Garda\"><\/span><\/a><\/div><div class=\"rsContent\"><a class=\"rsImg\" data-rsw=\"1280\" data-rsh=\"853\" data-rsBigImg=\"https:\/\/www.hoteldeva.it\/wp-content\/uploads\/2025\/12\/OND03778.jpg\" href=\"https:\/\/www.hoteldeva.it\/wp-content\/uploads\/2025\/12\/OND03778-1280x853.jpg\"><span data-alt=\"Hotel Deva | Hotel 3 stelle Riva del Garda\"><\/span><\/a><\/div><div class=\"rsContent\"><a class=\"rsImg\" data-rsw=\"1280\" data-rsh=\"853\" data-rsBigImg=\"https:\/\/www.hoteldeva.it\/wp-content\/uploads\/2025\/12\/OND03786.jpg\" href=\"https:\/\/www.hoteldeva.it\/wp-content\/uploads\/2025\/12\/OND03786-1280x853.jpg\"><span data-alt=\"Hotel Deva | Hotel 3 stelle Riva del Garda\"><\/span><\/a><\/div><div class=\"rsContent\"><a class=\"rsImg\" data-rsw=\"1280\" data-rsh=\"853\" data-rsBigImg=\"https:\/\/www.hoteldeva.it\/wp-content\/uploads\/2025\/12\/OND03767.jpg\" href=\"https:\/\/www.hoteldeva.it\/wp-content\/uploads\/2025\/12\/OND03767-1280x853.jpg\"><span data-alt=\"Hotel Deva | Hotel 3 stelle Riva del Garda\"><\/span><\/a><\/div><div class=\"rsContent\"><a class=\"rsImg\" data-rsw=\"1280\" data-rsh=\"853\" data-rsBigImg=\"https:\/\/www.hoteldeva.it\/wp-content\/uploads\/2025\/12\/OND03766.jpg\" href=\"https:\/\/www.hoteldeva.it\/wp-content\/uploads\/2025\/12\/OND03766-1280x853.jpg\"><span data-alt=\"Hotel Deva | Hotel 3 stelle Riva del Garda\"><\/span><\/a><\/div><\/div><img decoding=\"async\" src=\"https:\/\/www.hoteldeva.it\/wp-content\/uploads\/2025\/12\/OND03770-1280x853.jpg\" width=\"1280\" height=\"853\" alt=\"Hotel Deva | Hotel 3 stelle Riva del Garda\" loading=\"lazy\"><\/div><div class=\"w-slider-json\" onclick='return {&quot;autoScaleSlider&quot;:true,&quot;addActiveClass&quot;:true,&quot;loop&quot;:true,&quot;fadeInLoadedSlide&quot;:false,&quot;slidesSpacing&quot;:0,&quot;imageScalePadding&quot;:0,&quot;numImagesToPreload&quot;:2,&quot;arrowsNav&quot;:true,&quot;arrowsNavAutoHide&quot;:false,&quot;transitionType&quot;:&quot;fade&quot;,&quot;transitionSpeed&quot;:900,&quot;block&quot;:{&quot;moveEffect&quot;:&quot;none&quot;,&quot;speed&quot;:300},&quot;thumbs&quot;:{&quot;fitInViewport&quot;:false,&quot;firstMargin&quot;:false,&quot;spacing&quot;:4},&quot;controlNavigation&quot;:&quot;none&quot;,&quot;fullscreen&quot;:{&quot;enabled&quot;:true},&quot;autoScaleSliderWidth&quot;:1280,&quot;autoScaleSliderHeight&quot;:853}'><\/div><\/div><\/div><\/div><\/div><div class=\"vc_col-sm-4 wpb_column vc_column_container\"><div class=\"vc_column-inner\"><div class=\"wpb_wrapper\"><div class=\"w-vwrapper us_custom_62e46706 align_none valign_top\"><h3 class=\"w-text\"><span class=\"w-text-h\"><span class=\"w-text-value\">Comfort Panorama Extra Balcony<\/span><\/span><\/h3><div class=\"w-text us_custom_8b151e3e\"><span class=\"w-text-h\"><span class=\"w-text-value\">20 m\u00b2 \u2013 Maximal 4 Personen<\/span><\/span><\/div><div class=\"wpb_text_column us_custom_08dbec1d\"><div class=\"wpb_wrapper\"><p>Zimmer mit Balkon und herrlichem Blick auf den See, Satellitenfernsehen, eigenem Bad mit Haartrockner und Pflegeprodukten.<\/p>\n<\/div><\/div><div class=\"w-popup us_custom_606fd600 has_text_color w-btn-wrapper align_none\"><button type=\"button\" aria-label=\"Zimmerausstattung\" class=\"w-popup-trigger type_btn w-btn us-btn-style_6 icon_atleft\"><i class=\"fas fa-info-circle\"><\/i><span class=\"w-btn-label\">Zimmerausstattung<\/span><\/button><div class=\"w-popup-overlay\" style=\"background:rgba(0,0,0,0.85);\"><\/div><div class=\"w-popup-wrap layout_default\" role=\"dialog\" aria-modal=\"true\" aria-label=\"Zimmerausstattung\" style=\"--title-color:var(--color-content-heading);--title-bg-color:var(--color-content-bg-alt);--content-color:var(--color-content-text);--content-bg-color:var(--color-content-bg);--popup-width:600px;--popup-padding:5%;\"><button aria-label=\"Schlie\u00dfen\" class=\"w-popup-closer\" type=\"button\"><\/button><div class=\"w-popup-box animation_fadeIn closerpos_outside without_title\"><div class=\"w-popup-box-h\"><div class=\"w-popup-box-content\"><p>Parkett- oder Holzboden, Bettw\u00e4sche, Satellitenfernsehen.<br \/>\nKostenlose Pflegeprodukte, Dusche, Handt\u00fccher, Haartrockner.<br \/>\nUnterkunft f\u00fcr G\u00e4ste mit H\u00f6rbehinderung zug\u00e4nglich.<\/p>\n<\/div><\/div><\/div><\/div><\/div><div class=\"w-hwrapper valign_top align_none\" style=\"--hwrapper-gap:0.5rem\"><div class=\"w-btn-wrapper align_none\"><a class=\"w-btn us-btn-style_4\" href=\"https:\/\/www.hoteldeva.it\/de\/angebot-anfordern\/\"><span class=\"w-btn-label\">Anfrage<\/span><\/a><\/div><div class=\"w-btn-wrapper align_none\"><a class=\"w-btn us-btn-style_1\" target=\"_blank\" href=\"https:\/\/www.simplebooking.it\/ibe2\/hotel\/11229?lang=DE&amp;cur=EUR\"><span class=\"w-btn-label\">Jetzt buchen<\/span><\/a><\/div><\/div><\/div><\/div><\/div><\/div><\/div><\/div><\/section>\n","protected":false},"excerpt":{"rendered":"Komfort, Raum und RuheZimmer mit Panoramablick in Riva del GardaW\u00e4hlen Sie Ihr ideales Zimmer in unserem 3-Sterne-Hotel in Riva del GardaDie meisten Zimmer verf\u00fcgen \u00fcber einen Balkon oder eine Terrasse mit Seeblick, ein zus\u00e4tzlicher Vorteil, der es Ihnen erm\u00f6glicht, den Zauber des Gardasees zu jeder Tageszeit in vollen Z\u00fcgen zu genie\u00dfen. F\u00fcr diejenigen, die direkten...","protected":false},"author":1,"featured_media":488,"parent":0,"menu_order":0,"comment_status":"closed","ping_status":"closed","template":"","meta":{"footnotes":""},"class_list":["post-629","page","type-page","status-publish","has-post-thumbnail","hentry"],"yoast_head":"<!-- This site is optimized with the Yoast SEO plugin v26.9 - https:\/\/yoast.com\/product\/yoast-seo-wordpress\/ -->\n<title>Zimmer mit Aussicht | 3-Sterne-Hotel Riva del Garda \u2013 Hotel Deva<\/title>\n<meta name=\"description\" content=\"Ger\u00e4umige und ruhige Zimmer mit Balkon oder Terrasse und Seeblick. Entdecken Sie den Komfort unseres Hotels Riva del Garda inmitten einer ruhigen Umgebung.\" \/>\n<meta name=\"robots\" content=\"index, follow, max-snippet:-1, max-image-preview:large, max-video-preview:-1\" \/>\n<link rel=\"canonical\" href=\"https:\/\/www.hoteldeva.it\/de\/zimmer\/\" \/>\n<meta property=\"og:locale\" content=\"de_DE\" \/>\n<meta property=\"og:type\" content=\"article\" \/>\n<meta property=\"og:title\" content=\"Zimmer mit Aussicht | 3-Sterne-Hotel Riva del Garda \u2013 Hotel Deva\" \/>\n<meta property=\"og:description\" content=\"Ger\u00e4umige und ruhige Zimmer mit Balkon oder Terrasse und Seeblick. Entdecken Sie den Komfort unseres Hotels Riva del Garda inmitten einer ruhigen Umgebung.\" \/>\n<meta property=\"og:url\" content=\"https:\/\/www.hoteldeva.it\/de\/zimmer\/\" \/>\n<meta property=\"og:site_name\" content=\"Hotel Deva\" \/>\n<meta property=\"article:modified_time\" content=\"2026-02-12T15:37:25+00:00\" \/>\n<meta property=\"og:image\" content=\"https:\/\/www.hoteldeva.it\/wp-content\/uploads\/2025\/12\/OND03701.jpg\" \/>\n\t<meta property=\"og:image:width\" content=\"1920\" \/>\n\t<meta property=\"og:image:height\" content=\"1279\" \/>\n\t<meta property=\"og:image:type\" content=\"image\/jpeg\" \/>\n<meta name=\"twitter:card\" content=\"summary_large_image\" \/>\n<meta name=\"twitter:label1\" content=\"Gesch\u00e4tzte Lesezeit\" \/>\n\t<meta name=\"twitter:data1\" content=\"4\u00a0Minuten\" \/>\n<script type=\"application\/ld+json\" class=\"yoast-schema-graph\">{\"@context\":\"https:\/\/schema.org\",\"@graph\":[{\"@type\":\"WebPage\",\"@id\":\"https:\/\/www.hoteldeva.it\/de\/zimmer\/\",\"url\":\"https:\/\/www.hoteldeva.it\/de\/zimmer\/\",\"name\":\"Zimmer mit Aussicht | 3-Sterne-Hotel Riva del Garda \u2013 Hotel Deva\",\"isPartOf\":{\"@id\":\"https:\/\/www.hoteldeva.it\/#website\"},\"primaryImageOfPage\":{\"@id\":\"https:\/\/www.hoteldeva.it\/de\/zimmer\/#primaryimage\"},\"image\":{\"@id\":\"https:\/\/www.hoteldeva.it\/de\/zimmer\/#primaryimage\"},\"thumbnailUrl\":\"https:\/\/www.hoteldeva.it\/wp-content\/uploads\/2025\/12\/OND03701.jpg\",\"datePublished\":\"2026-02-02T15:16:33+00:00\",\"dateModified\":\"2026-02-12T15:37:25+00:00\",\"description\":\"Ger\u00e4umige und ruhige Zimmer mit Balkon oder Terrasse und Seeblick. Entdecken Sie den Komfort unseres Hotels Riva del Garda inmitten einer ruhigen Umgebung.\",\"breadcrumb\":{\"@id\":\"https:\/\/www.hoteldeva.it\/de\/zimmer\/#breadcrumb\"},\"inLanguage\":\"de\",\"potentialAction\":[{\"@type\":\"ReadAction\",\"target\":[\"https:\/\/www.hoteldeva.it\/de\/zimmer\/\"]}]},{\"@type\":\"ImageObject\",\"inLanguage\":\"de\",\"@id\":\"https:\/\/www.hoteldeva.it\/de\/zimmer\/#primaryimage\",\"url\":\"https:\/\/www.hoteldeva.it\/wp-content\/uploads\/2025\/12\/OND03701.jpg\",\"contentUrl\":\"https:\/\/www.hoteldeva.it\/wp-content\/uploads\/2025\/12\/OND03701.jpg\",\"width\":1920,\"height\":1279,\"caption\":\"Hotel Riva del Garda 3 stelle\"},{\"@type\":\"BreadcrumbList\",\"@id\":\"https:\/\/www.hoteldeva.it\/de\/zimmer\/#breadcrumb\",\"itemListElement\":[{\"@type\":\"ListItem\",\"position\":1,\"name\":\"Home\",\"item\":\"https:\/\/www.hoteldeva.it\/de\/\"},{\"@type\":\"ListItem\",\"position\":2,\"name\":\"Zimmer\"}]},{\"@type\":\"WebSite\",\"@id\":\"https:\/\/www.hoteldeva.it\/#website\",\"url\":\"https:\/\/www.hoteldeva.it\/\",\"name\":\"Hotel Deva Riva del Garda\",\"description\":\"Hotel Deva Riva del Garda\",\"publisher\":{\"@id\":\"https:\/\/www.hoteldeva.it\/#organization\"},\"alternateName\":\"Hotel Deva Riva del Garda\",\"potentialAction\":[{\"@type\":\"SearchAction\",\"target\":{\"@type\":\"EntryPoint\",\"urlTemplate\":\"https:\/\/www.hoteldeva.it\/?s={search_term_string}\"},\"query-input\":{\"@type\":\"PropertyValueSpecification\",\"valueRequired\":true,\"valueName\":\"search_term_string\"}}],\"inLanguage\":\"de\"},{\"@type\":\"Organization\",\"@id\":\"https:\/\/www.hoteldeva.it\/#organization\",\"name\":\"Hotel Deva Riva del Garda\",\"alternateName\":\"Hotel Deva Riva del Garda\",\"url\":\"https:\/\/www.hoteldeva.it\/\",\"logo\":{\"@type\":\"ImageObject\",\"inLanguage\":\"de\",\"@id\":\"https:\/\/www.hoteldeva.it\/#\/schema\/logo\/image\/\",\"url\":\"https:\/\/www.hoteldeva.it\/wp-content\/uploads\/2026\/02\/logoheader.svg\",\"contentUrl\":\"https:\/\/www.hoteldeva.it\/wp-content\/uploads\/2026\/02\/logoheader.svg\",\"width\":\"1024\",\"height\":\"1024\",\"caption\":\"Hotel Deva Riva del Garda\"},\"image\":{\"@id\":\"https:\/\/www.hoteldeva.it\/#\/schema\/logo\/image\/\"}}]}<\/script>\n<!-- \/ Yoast SEO plugin. -->","yoast_head_json":{"title":"Zimmer mit Aussicht | 3-Sterne-Hotel Riva del Garda \u2013 Hotel Deva","description":"Ger\u00e4umige und ruhige Zimmer mit Balkon oder Terrasse und Seeblick. Entdecken Sie den Komfort unseres Hotels Riva del Garda inmitten einer ruhigen Umgebung.","robots":{"index":"index","follow":"follow","max-snippet":"max-snippet:-1","max-image-preview":"max-image-preview:large","max-video-preview":"max-video-preview:-1"},"canonical":"https:\/\/www.hoteldeva.it\/de\/zimmer\/","og_locale":"de_DE","og_type":"article","og_title":"Zimmer mit Aussicht | 3-Sterne-Hotel Riva del Garda \u2013 Hotel Deva","og_description":"Ger\u00e4umige und ruhige Zimmer mit Balkon oder Terrasse und Seeblick. Entdecken Sie den Komfort unseres Hotels Riva del Garda inmitten einer ruhigen Umgebung.","og_url":"https:\/\/www.hoteldeva.it\/de\/zimmer\/","og_site_name":"Hotel Deva","article_modified_time":"2026-02-12T15:37:25+00:00","og_image":[{"width":1920,"height":1279,"url":"https:\/\/www.hoteldeva.it\/wp-content\/uploads\/2025\/12\/OND03701.jpg","type":"image\/jpeg"}],"twitter_card":"summary_large_image","twitter_misc":{"Gesch\u00e4tzte Lesezeit":"4\u00a0Minuten"},"schema":{"@context":"https:\/\/schema.org","@graph":[{"@type":"WebPage","@id":"https:\/\/www.hoteldeva.it\/de\/zimmer\/","url":"https:\/\/www.hoteldeva.it\/de\/zimmer\/","name":"Zimmer mit Aussicht | 3-Sterne-Hotel Riva del Garda \u2013 Hotel Deva","isPartOf":{"@id":"https:\/\/www.hoteldeva.it\/#website"},"primaryImageOfPage":{"@id":"https:\/\/www.hoteldeva.it\/de\/zimmer\/#primaryimage"},"image":{"@id":"https:\/\/www.hoteldeva.it\/de\/zimmer\/#primaryimage"},"thumbnailUrl":"https:\/\/www.hoteldeva.it\/wp-content\/uploads\/2025\/12\/OND03701.jpg","datePublished":"2026-02-02T15:16:33+00:00","dateModified":"2026-02-12T15:37:25+00:00","description":"Ger\u00e4umige und ruhige Zimmer mit Balkon oder Terrasse und Seeblick. Entdecken Sie den Komfort unseres Hotels Riva del Garda inmitten einer ruhigen Umgebung.","breadcrumb":{"@id":"https:\/\/www.hoteldeva.it\/de\/zimmer\/#breadcrumb"},"inLanguage":"de","potentialAction":[{"@type":"ReadAction","target":["https:\/\/www.hoteldeva.it\/de\/zimmer\/"]}]},{"@type":"ImageObject","inLanguage":"de","@id":"https:\/\/www.hoteldeva.it\/de\/zimmer\/#primaryimage","url":"https:\/\/www.hoteldeva.it\/wp-content\/uploads\/2025\/12\/OND03701.jpg","contentUrl":"https:\/\/www.hoteldeva.it\/wp-content\/uploads\/2025\/12\/OND03701.jpg","width":1920,"height":1279,"caption":"Hotel Riva del Garda 3 stelle"},{"@type":"BreadcrumbList","@id":"https:\/\/www.hoteldeva.it\/de\/zimmer\/#breadcrumb","itemListElement":[{"@type":"ListItem","position":1,"name":"Home","item":"https:\/\/www.hoteldeva.it\/de\/"},{"@type":"ListItem","position":2,"name":"Zimmer"}]},{"@type":"WebSite","@id":"https:\/\/www.hoteldeva.it\/#website","url":"https:\/\/www.hoteldeva.it\/","name":"Hotel Deva Riva del Garda","description":"Hotel Deva Riva del Garda","publisher":{"@id":"https:\/\/www.hoteldeva.it\/#organization"},"alternateName":"Hotel Deva Riva del Garda","potentialAction":[{"@type":"SearchAction","target":{"@type":"EntryPoint","urlTemplate":"https:\/\/www.hoteldeva.it\/?s={search_term_string}"},"query-input":{"@type":"PropertyValueSpecification","valueRequired":true,"valueName":"search_term_string"}}],"inLanguage":"de"},{"@type":"Organization","@id":"https:\/\/www.hoteldeva.it\/#organization","name":"Hotel Deva Riva del Garda","alternateName":"Hotel Deva Riva del Garda","url":"https:\/\/www.hoteldeva.it\/","logo":{"@type":"ImageObject","inLanguage":"de","@id":"https:\/\/www.hoteldeva.it\/#\/schema\/logo\/image\/","url":"https:\/\/www.hoteldeva.it\/wp-content\/uploads\/2026\/02\/logoheader.svg","contentUrl":"https:\/\/www.hoteldeva.it\/wp-content\/uploads\/2026\/02\/logoheader.svg","width":"1024","height":"1024","caption":"Hotel Deva Riva del Garda"},"image":{"@id":"https:\/\/www.hoteldeva.it\/#\/schema\/logo\/image\/"}}]}},"_links":{"self":[{"href":"https:\/\/www.hoteldeva.it\/de\/wp-json\/wp\/v2\/pages\/629","targetHints":{"allow":["GET"]}}],"collection":[{"href":"https:\/\/www.hoteldeva.it\/de\/wp-json\/wp\/v2\/pages"}],"about":[{"href":"https:\/\/www.hoteldeva.it\/de\/wp-json\/wp\/v2\/types\/page"}],"author":[{"embeddable":true,"href":"https:\/\/www.hoteldeva.it\/de\/wp-json\/wp\/v2\/users\/1"}],"replies":[{"embeddable":true,"href":"https:\/\/www.hoteldeva.it\/de\/wp-json\/wp\/v2\/comments?post=629"}],"version-history":[{"count":6,"href":"https:\/\/www.hoteldeva.it\/de\/wp-json\/wp\/v2\/pages\/629\/revisions"}],"predecessor-version":[{"id":635,"href":"https:\/\/www.hoteldeva.it\/de\/wp-json\/wp\/v2\/pages\/629\/revisions\/635"}],"wp:featuredmedia":[{"embeddable":true,"href":"https:\/\/www.hoteldeva.it\/de\/wp-json\/wp\/v2\/media\/488"}],"wp:attachment":[{"href":"https:\/\/www.hoteldeva.it\/de\/wp-json\/wp\/v2\/media?parent=629"}],"curies":[{"name":"wp","href":"https:\/\/api.w.org\/{rel}","templated":true}]}}